{"id":242873,"date":"2024-06-03T08:27:43","date_gmt":"2024-06-03T08:27:43","guid":{"rendered":"https:\/\/www.matelas-posa.fr\/?post_type=product&#038;p=242873"},"modified":"2024-06-03T09:41:44","modified_gmt":"2024-06-03T09:41:44","slug":"matelas-eden","status":"publish","type":"product","link":"https:\/\/www.matelas-posa.fr\/?product=matelas-eden","title":{"rendered":"Matelas Eden"},"content":{"rendered":"<p>[et_pb_section fb_built=\u00a0\u00bb1&Prime; disabled_on=\u00a0\u00bbon|off|off\u00a0\u00bb _builder_version=\u00a0\u00bb4.25.1&Prime; _module_preset=\u00a0\u00bbdefault\u00a0\u00bb background_image=\u00a0\u00bbhttps:\/\/www.matelas-posa.fr\/wp-content\/uploads\/2024\/06\/fond_eden.jpg\u00a0\u00bb parallax=\u00a0\u00bbon\u00a0\u00bb background_enable_mask_style=\u00a0\u00bbon\u00a0\u00bb background_mask_style=\u00a0\u00bbwave\u00a0\u00bb background_mask_transform=\u00a0\u00bbflip_horizontal|flip_vertical\u00a0\u00bb custom_margin=\u00a0\u00bb-6vh||0px|-6vw|false|false\u00a0\u00bb locked=\u00a0\u00bboff\u00a0\u00bb global_colors_info=\u00a0\u00bb{}\u00a0\u00bb][et_pb_row column_structure=\u00a0\u00bb1_2,1_2&Prime; _builder_version=\u00a0\u00bb4.20.2&Prime; _module_preset=\u00a0\u00bbdefault\u00a0\u00bb width=\u00a0\u00bb90%\u00a0\u00bb max_width=\u00a0\u00bb1635px\u00a0\u00bb ab_goal=\u00a0\u00bbon\u00a0\u00bb global_colors_info=\u00a0\u00bb{}\u00a0\u00bb][et_pb_column type=\u00a0\u00bb1_2&Prime; _builder_version=\u00a0\u00bb4.18.0&Prime; _module_preset=\u00a0\u00bbdefault\u00a0\u00bb global_colors_info=\u00a0\u00bb{}\u00a0\u00bb][et_pb_image src=\u00a0\u00bbhttps:\/\/www.matelas-posa.fr\/wp-content\/uploads\/2024\/06\/Matelas_EDEN.png\u00a0\u00bb title_text=\u00a0\u00bbMatelas_EDEN\u00a0\u00bb align=\u00a0\u00bbright\u00a0\u00bb _builder_version=\u00a0\u00bb4.25.1&Prime; _module_preset=\u00a0\u00bbdefault\u00a0\u00bb width=\u00a0\u00bb50vw\u00a0\u00bb custom_margin=\u00a0\u00bb|||55px|false|false\u00a0\u00bb global_colors_info=\u00a0\u00bb{}\u00a0\u00bb][\/et_pb_image][et_pb_text _builder_version=\u00a0\u00bb4.25.1&Prime; _module_preset=\u00a0\u00bbdefault\u00a0\u00bb global_colors_info=\u00a0\u00bb{}\u00a0\u00bb]<\/p>\n<p><img loading=\"lazy\" decoding=\"async\" src=\"https:\/\/www.matelas-posa.fr\/wp-content\/uploads\/2023\/04\/POSA_ecoresponsable-300x300.png\" width=\"90\" height=\"90\" alt=\"\" class=\"wp-image-1887 alignnone size-medium\" srcset=\"https:\/\/www.matelas-posa.fr\/wp-content\/uploads\/2023\/04\/POSA_ecoresponsable-300x300.png 300w, https:\/\/www.matelas-posa.fr\/wp-content\/uploads\/2023\/04\/POSA_ecoresponsable-100x100.png 100w, https:\/\/www.matelas-posa.fr\/wp-content\/uploads\/2023\/04\/POSA_ecoresponsable-150x150.png 150w, https:\/\/www.matelas-posa.fr\/wp-content\/uploads\/2023\/04\/POSA_ecoresponsable.png 427w\" sizes=\"(max-width: 90px) 100vw, 90px\" \/> <img loading=\"lazy\" decoding=\"async\" src=\"https:\/\/www.matelas-posa.fr\/wp-content\/uploads\/2023\/04\/POSA_memoire_forme-300x300.png\" width=\"90\" height=\"90\" alt=\"\" class=\"wp-image-1892 alignnone size-medium\" srcset=\"https:\/\/www.matelas-posa.fr\/wp-content\/uploads\/2023\/04\/POSA_memoire_forme-300x300.png 300w, https:\/\/www.matelas-posa.fr\/wp-content\/uploads\/2023\/04\/POSA_memoire_forme-100x100.png 100w, https:\/\/www.matelas-posa.fr\/wp-content\/uploads\/2023\/04\/POSA_memoire_forme-150x150.png 150w, https:\/\/www.matelas-posa.fr\/wp-content\/uploads\/2023\/04\/POSA_memoire_forme.png 426w\" sizes=\"(max-width: 90px) 100vw, 90px\" \/> <img loading=\"lazy\" decoding=\"async\" src=\"https:\/\/www.matelas-posa.fr\/wp-content\/uploads\/2023\/04\/POSA_haute_densite-300x300.png\" width=\"90\" height=\"90\" alt=\"\" class=\"wp-image-1889 alignnone size-medium\" srcset=\"https:\/\/www.matelas-posa.fr\/wp-content\/uploads\/2023\/04\/POSA_haute_densite-300x300.png 300w, https:\/\/www.matelas-posa.fr\/wp-content\/uploads\/2023\/04\/POSA_haute_densite-100x100.png 100w, https:\/\/www.matelas-posa.fr\/wp-content\/uploads\/2023\/04\/POSA_haute_densite-150x150.png 150w, https:\/\/www.matelas-posa.fr\/wp-content\/uploads\/2023\/04\/POSA_haute_densite.png 427w\" sizes=\"(max-width: 90px) 100vw, 90px\" \/>\u00a0<img loading=\"lazy\" decoding=\"async\" src=\"https:\/\/www.matelas-posa.fr\/wp-content\/uploads\/2023\/04\/POSA_chanvre-300x300.png\" width=\"90\" height=\"90\" alt=\"\" class=\"wp-image-1886 alignnone size-medium\" srcset=\"https:\/\/www.matelas-posa.fr\/wp-content\/uploads\/2023\/04\/POSA_chanvre-300x300.png 300w, https:\/\/www.matelas-posa.fr\/wp-content\/uploads\/2023\/04\/POSA_chanvre-100x100.png 100w, https:\/\/www.matelas-posa.fr\/wp-content\/uploads\/2023\/04\/POSA_chanvre-150x150.png 150w, https:\/\/www.matelas-posa.fr\/wp-content\/uploads\/2023\/04\/POSA_chanvre.png 425w\" sizes=\"(max-width: 90px) 100vw, 90px\" \/> <img loading=\"lazy\" decoding=\"async\" src=\"https:\/\/www.matelas-posa.fr\/wp-content\/uploads\/2023\/04\/POSA_ventille-300x300.png\" width=\"90\" height=\"90\" alt=\"\" class=\"wp-image-1895 alignnone size-medium\" srcset=\"https:\/\/www.matelas-posa.fr\/wp-content\/uploads\/2023\/04\/POSA_ventille-300x300.png 300w, https:\/\/www.matelas-posa.fr\/wp-content\/uploads\/2023\/04\/POSA_ventille-100x100.png 100w, https:\/\/www.matelas-posa.fr\/wp-content\/uploads\/2023\/04\/POSA_ventille-150x150.png 150w, https:\/\/www.matelas-posa.fr\/wp-content\/uploads\/2023\/04\/POSA_ventille.png 425w\" sizes=\"(max-width: 90px) 100vw, 90px\" \/>\u00a0<img loading=\"lazy\" decoding=\"async\" src=\"https:\/\/www.matelas-posa.fr\/wp-content\/uploads\/2023\/04\/POSA_sur_mesure-300x300.png\" width=\"90\" height=\"90\" alt=\"\" class=\"wp-image-1894 alignnone size-medium\" srcset=\"https:\/\/www.matelas-posa.fr\/wp-content\/uploads\/2023\/04\/POSA_sur_mesure-300x300.png 300w, https:\/\/www.matelas-posa.fr\/wp-content\/uploads\/2023\/04\/POSA_sur_mesure-100x100.png 100w, https:\/\/www.matelas-posa.fr\/wp-content\/uploads\/2023\/04\/POSA_sur_mesure-150x150.png 150w, https:\/\/www.matelas-posa.fr\/wp-content\/uploads\/2023\/04\/POSA_sur_mesure.png 426w\" sizes=\"(max-width: 90px) 100vw, 90px\" \/><\/p>\n<p>[\/et_pb_text][et_pb_text _builder_version=\u00a0\u00bb4.21.0&Prime; _module_preset=\u00a0\u00bbdefault\u00a0\u00bb locked=\u00a0\u00bboff\u00a0\u00bb global_colors_info=\u00a0\u00bb{}\u00a0\u00bb]<\/p>\n<p><img loading=\"lazy\" decoding=\"async\" src=\"https:\/\/www.matelas-posa.fr\/wp-content\/uploads\/2023\/02\/Oekotex_100_Standard-300x167-1-300x167.png\" width=\"149\" height=\"83\" alt=\"\" class=\"wp-image-339 alignnone size-medium\" \/>\u00a0<\/p>\n<p>[\/et_pb_text][\/et_pb_column][et_pb_column type=\u00a0\u00bb1_2&Prime; _builder_version=\u00a0\u00bb4.18.0&Prime; _module_preset=\u00a0\u00bbdefault\u00a0\u00bb global_colors_info=\u00a0\u00bb{}\u00a0\u00bb][et_pb_image src=\u00a0\u00bbhttps:\/\/www.matelas-posa.fr\/wp-content\/uploads\/2024\/06\/Nom_Eden.png\u00a0\u00bb title_text=\u00a0\u00bbNom_Eden\u00a0\u00bb align=\u00a0\u00bbright\u00a0\u00bb _builder_version=\u00a0\u00bb4.25.1&Prime; _module_preset=\u00a0\u00bbdefault\u00a0\u00bb width=\u00a0\u00bb60%\u00a0\u00bb global_colors_info=\u00a0\u00bb{}\u00a0\u00bb][\/et_pb_image][et_pb_text _builder_version=\u00a0\u00bb4.25.1&Prime; _module_preset=\u00a0\u00bbdefault\u00a0\u00bb custom_margin=\u00a0\u00bb||1px|20vw|false|false\u00a0\u00bb global_colors_info=\u00a0\u00bb{}\u00a0\u00bb]<\/p>\n<ul>\n<li>\n<h6><strong>Matelas avec son accueil \u00e9coresponsable<\/strong><\/h6>\n<\/li>\n<li>\n<h6><strong>Noyau haute densit\u00e9 pour confort et durabilit\u00e9<\/strong><\/h6>\n<\/li>\n<li>\n<h6><strong>Mousse \u00e0 m\u00e9moire de forme pour un maintien homog\u00e8ne<\/strong><\/h6>\n<\/li>\n<li>\n<h6><strong>Coutil avec fibre de chanvre<\/strong><strong><br \/><\/strong><\/h6>\n<\/li>\n<li>\n<h6><strong>Epaisseur 25 cm<\/strong><\/h6>\n<\/li>\n<\/ul>\n<h6><\/h6>\n<p>[\/et_pb_text][et_pb_button button_url=\u00a0\u00bb#ensavoirplus\u00a0\u00bb button_text=\u00a0\u00bbEn savoir plus\u00a0\u00bb button_alignment=\u00a0\u00bbright\u00a0\u00bb _builder_version=\u00a0\u00bb4.20.2&Prime; _module_preset=\u00a0\u00bbdefault\u00a0\u00bb global_colors_info=\u00a0\u00bb{}\u00a0\u00bb][\/et_pb_button][et_pb_text _builder_version=\u00a0\u00bb4.25.1&Prime; _module_preset=\u00a0\u00bbdefault\u00a0\u00bb global_colors_info=\u00a0\u00bb{}\u00a0\u00bb]<\/p>\n<h3 style=\"text-align: right;\"><strong>Le matelas pour retrouver la joie d&rsquo;un beau r\u00e9veil !<\/strong><\/h3>\n<p>[\/et_pb_text][et_pb_wc_add_to_cart product=\u00a0\u00bb242873&Prime; show_stock=\u00a0\u00bboff\u00a0\u00bb _builder_version=\u00a0\u00bb4.25.1&Prime; _module_preset=\u00a0\u00bbdefault\u00a0\u00bb field_label_font_size=\u00a0\u00bb24px\u00a0\u00bb fields_font_size=\u00a0\u00bb24px\u00a0\u00bb dropdown_menus_font_size=\u00a0\u00bb20px\u00a0\u00bb hover_enabled=\u00a0\u00bb0&Prime; custom_css_fields=\u00a0\u00bbspan.price {font-size: 200%;}||\u00a0\u00bb ab_subject=\u00a0\u00bbon\u00a0\u00bb ab_subject_id=\u00a0\u00bb1&Prime; global_colors_info=\u00a0\u00bb{}\u00a0\u00bb sticky_enabled=\u00a0\u00bb0&Prime;][\/et_pb_wc_add_to_cart][et_pb_text _builder_version=\u00a0\u00bb4.20.2&Prime; _module_preset=\u00a0\u00bbdefault\u00a0\u00bb global_colors_info=\u00a0\u00bb{}\u00a0\u00bb]<\/p>\n<h5>Paiement en <strong>3x<\/strong>, <strong>4x<\/strong> ou <strong>10x<\/strong> avec\u00a0 <img loading=\"lazy\" decoding=\"async\" src=\"https:\/\/www.matelas-posa.fr\/wp-content\/uploads\/2023\/04\/logo-floa-bank_fond-blanc-300x35.png\" width=\"197\" height=\"23\" alt=\"\" class=\"wp-image-1947 alignnone size-medium\" \/><\/h5>\n<p>[\/et_pb_text][et_pb_wc_reviews _builder_version=\u00a0\u00bb4.20.2&Prime; _module_preset=\u00a0\u00bbdefault\u00a0\u00bb global_colors_info=\u00a0\u00bb{}\u00a0\u00bb][\/et_pb_wc_reviews][et_pb_text _builder_version=\u00a0\u00bb4.20.0&Prime; _module_preset=\u00a0\u00bbdefault\u00a0\u00bb global_colors_info=\u00a0\u00bb{}\u00a0\u00bb]<\/p>\n<table border=\"0\" style=\"width: 100%;\">\n<tbody>\n<tr>\n<td style=\"width: 20%;\">\n<h5><img loading=\"lazy\" decoding=\"async\" src=\"https:\/\/www.matelas-posa.fr\/wp-content\/uploads\/2023\/01\/Picto_sur_mesure_posa.png\" width=\"125\" height=\"123\" alt=\"\" class=\"wp-image-211 alignnone size-full\" \/><\/h5>\n<\/td>\n<td style=\"width: 80%;\">\n<h5>Vous souhaitez une dimension personnalis\u00e9e, il suffit de nous envoyer votre demande pour votre matelas sur-mesure !<\/h5>\n<\/td>\n<\/tr>\n<\/tbody>\n<\/table>\n<h5><\/h5>\n<p>[\/et_pb_text][\/et_pb_column][\/et_pb_row][\/et_pb_section][et_pb_section fb_built=\u00a0\u00bb1&Prime; disabled_on=\u00a0\u00bboff|on|on\u00a0\u00bb _builder_version=\u00a0\u00bb4.20.2&Prime; _module_preset=\u00a0\u00bbdefault\u00a0\u00bb custom_padding=\u00a0\u00bb0px||0px||false|false\u00a0\u00bb locked=\u00a0\u00bboff\u00a0\u00bb global_colors_info=\u00a0\u00bb{}\u00a0\u00bb][et_pb_row _builder_version=\u00a0\u00bb4.20.2&Prime; _module_preset=\u00a0\u00bbdefault\u00a0\u00bb background_image=\u00a0\u00bbhttps:\/\/www.matelas-posa.fr\/wp-content\/uploads\/2022\/11\/fond_site_HD-1-scaled.jpg\u00a0\u00bb parallax=\u00a0\u00bbon\u00a0\u00bb background_enable_mask_style=\u00a0\u00bbon\u00a0\u00bb background_mask_style=\u00a0\u00bbarch\u00a0\u00bb background_mask_transform=\u00a0\u00bbrotate_90_degree\u00a0\u00bb width=\u00a0\u00bb100%\u00a0\u00bb max_width=\u00a0\u00bb2560px\u00a0\u00bb custom_padding=\u00a0\u00bb|5px||5px|false|false\u00a0\u00bb global_colors_info=\u00a0\u00bb{}\u00a0\u00bb][et_pb_column type=\u00a0\u00bb4_4&Prime; _builder_version=\u00a0\u00bb4.20.2&Prime; _module_preset=\u00a0\u00bbdefault\u00a0\u00bb global_colors_info=\u00a0\u00bb{}\u00a0\u00bb][et_pb_image src=\u00a0\u00bbhttps:\/\/www.matelas-posa.fr\/wp-content\/uploads\/2024\/06\/Nom_Eden.png\u00a0\u00bb title_text=\u00a0\u00bbNom_Eden\u00a0\u00bb align=\u00a0\u00bbcenter\u00a0\u00bb _builder_version=\u00a0\u00bb4.25.1&Prime; _module_preset=\u00a0\u00bbdefault\u00a0\u00bb global_colors_info=\u00a0\u00bb{}\u00a0\u00bb][\/et_pb_image][et_pb_image src=\u00a0\u00bbhttps:\/\/www.matelas-posa.fr\/wp-content\/uploads\/2024\/06\/Matelas_EDEN.png\u00a0\u00bb title_text=\u00a0\u00bbMatelas_EDEN\u00a0\u00bb align=\u00a0\u00bbcenter\u00a0\u00bb _builder_version=\u00a0\u00bb4.25.1&Prime; _module_preset=\u00a0\u00bbdefault\u00a0\u00bb width=\u00a0\u00bb100%\u00a0\u00bb global_colors_info=\u00a0\u00bb{}\u00a0\u00bb][\/et_pb_image][et_pb_text _builder_version=\u00a0\u00bb4.25.1&Prime; _module_preset=\u00a0\u00bbdefault\u00a0\u00bb global_colors_info=\u00a0\u00bb{}\u00a0\u00bb]<\/p>\n<p style=\"text-align: center;\"><img loading=\"lazy\" decoding=\"async\" src=\"https:\/\/www.matelas-posa.fr\/wp-content\/uploads\/2023\/04\/POSA_ecoresponsable-300x300.png\" width=\"90\" height=\"90\" alt=\"\" class=\"wp-image-1887 alignnone size-medium\" srcset=\"https:\/\/www.matelas-posa.fr\/wp-content\/uploads\/2023\/04\/POSA_ecoresponsable-300x300.png 300w, https:\/\/www.matelas-posa.fr\/wp-content\/uploads\/2023\/04\/POSA_ecoresponsable-100x100.png 100w, https:\/\/www.matelas-posa.fr\/wp-content\/uploads\/2023\/04\/POSA_ecoresponsable-150x150.png 150w, https:\/\/www.matelas-posa.fr\/wp-content\/uploads\/2023\/04\/POSA_ecoresponsable.png 427w\" sizes=\"(max-width: 90px) 100vw, 90px\" \/> <img loading=\"lazy\" decoding=\"async\" src=\"https:\/\/www.matelas-posa.fr\/wp-content\/uploads\/2023\/04\/POSA_memoire_forme-300x300.png\" width=\"90\" height=\"90\" alt=\"\" class=\"wp-image-1892 alignnone size-medium\" srcset=\"https:\/\/www.matelas-posa.fr\/wp-content\/uploads\/2023\/04\/POSA_memoire_forme-300x300.png 300w, https:\/\/www.matelas-posa.fr\/wp-content\/uploads\/2023\/04\/POSA_memoire_forme-100x100.png 100w, https:\/\/www.matelas-posa.fr\/wp-content\/uploads\/2023\/04\/POSA_memoire_forme-150x150.png 150w, https:\/\/www.matelas-posa.fr\/wp-content\/uploads\/2023\/04\/POSA_memoire_forme.png 426w\" sizes=\"(max-width: 90px) 100vw, 90px\" \/> <img loading=\"lazy\" decoding=\"async\" src=\"https:\/\/www.matelas-posa.fr\/wp-content\/uploads\/2023\/04\/POSA_haute_densite-300x300.png\" width=\"90\" height=\"90\" alt=\"\" class=\"wp-image-1889 alignnone size-medium\" srcset=\"https:\/\/www.matelas-posa.fr\/wp-content\/uploads\/2023\/04\/POSA_haute_densite-300x300.png 300w, https:\/\/www.matelas-posa.fr\/wp-content\/uploads\/2023\/04\/POSA_haute_densite-100x100.png 100w, https:\/\/www.matelas-posa.fr\/wp-content\/uploads\/2023\/04\/POSA_haute_densite-150x150.png 150w, https:\/\/www.matelas-posa.fr\/wp-content\/uploads\/2023\/04\/POSA_haute_densite.png 427w\" sizes=\"(max-width: 90px) 100vw, 90px\" \/>\u00a0<img loading=\"lazy\" decoding=\"async\" src=\"https:\/\/www.matelas-posa.fr\/wp-content\/uploads\/2023\/04\/POSA_chanvre-300x300.png\" width=\"90\" height=\"90\" alt=\"\" class=\"wp-image-1886 alignnone size-medium\" srcset=\"https:\/\/www.matelas-posa.fr\/wp-content\/uploads\/2023\/04\/POSA_chanvre-300x300.png 300w, https:\/\/www.matelas-posa.fr\/wp-content\/uploads\/2023\/04\/POSA_chanvre-100x100.png 100w, https:\/\/www.matelas-posa.fr\/wp-content\/uploads\/2023\/04\/POSA_chanvre-150x150.png 150w, https:\/\/www.matelas-posa.fr\/wp-content\/uploads\/2023\/04\/POSA_chanvre.png 425w\" sizes=\"(max-width: 90px) 100vw, 90px\" \/> <img loading=\"lazy\" decoding=\"async\" src=\"https:\/\/www.matelas-posa.fr\/wp-content\/uploads\/2023\/04\/POSA_ventille-300x300.png\" width=\"90\" height=\"90\" alt=\"\" class=\"wp-image-1895 alignnone size-medium\" srcset=\"https:\/\/www.matelas-posa.fr\/wp-content\/uploads\/2023\/04\/POSA_ventille-300x300.png 300w, https:\/\/www.matelas-posa.fr\/wp-content\/uploads\/2023\/04\/POSA_ventille-100x100.png 100w, https:\/\/www.matelas-posa.fr\/wp-content\/uploads\/2023\/04\/POSA_ventille-150x150.png 150w, https:\/\/www.matelas-posa.fr\/wp-content\/uploads\/2023\/04\/POSA_ventille.png 425w\" sizes=\"(max-width: 90px) 100vw, 90px\" \/>\u00a0<img loading=\"lazy\" decoding=\"async\" src=\"https:\/\/www.matelas-posa.fr\/wp-content\/uploads\/2023\/04\/POSA_sur_mesure-300x300.png\" width=\"90\" height=\"90\" alt=\"\" class=\"wp-image-1894 alignnone size-medium\" srcset=\"https:\/\/www.matelas-posa.fr\/wp-content\/uploads\/2023\/04\/POSA_sur_mesure-300x300.png 300w, https:\/\/www.matelas-posa.fr\/wp-content\/uploads\/2023\/04\/POSA_sur_mesure-100x100.png 100w, https:\/\/www.matelas-posa.fr\/wp-content\/uploads\/2023\/04\/POSA_sur_mesure-150x150.png 150w, https:\/\/www.matelas-posa.fr\/wp-content\/uploads\/2023\/04\/POSA_sur_mesure.png 426w\" sizes=\"(max-width: 90px) 100vw, 90px\" \/><\/p>\n<p>[\/et_pb_text][\/et_pb_column][\/et_pb_row][et_pb_row _builder_version=\u00a0\u00bb4.20.2&Prime; _module_preset=\u00a0\u00bbdefault\u00a0\u00bb custom_margin=\u00a0\u00bb-1px|auto||auto||\u00a0\u00bb custom_padding=\u00a0\u00bb0px|||||\u00a0\u00bb global_colors_info=\u00a0\u00bb{}\u00a0\u00bb][et_pb_column type=\u00a0\u00bb4_4&Prime; _builder_version=\u00a0\u00bb4.20.2&Prime; _module_preset=\u00a0\u00bbdefault\u00a0\u00bb global_colors_info=\u00a0\u00bb{}\u00a0\u00bb][et_pb_text _builder_version=\u00a0\u00bb4.25.1&Prime; _module_preset=\u00a0\u00bbdefault\u00a0\u00bb global_colors_info=\u00a0\u00bb{}\u00a0\u00bb]<\/p>\n<ul>\n<li style=\"list-style-type: none;\">\n<ul>\n<li>\n<h6><strong>Matelas avec son accueil \u00e9coresponsable<\/strong><\/h6>\n<\/li>\n<li>\n<h6><strong>Noyau haute densit\u00e9 pour confort et durabilit\u00e9<\/strong><\/h6>\n<\/li>\n<li>\n<h6><strong>Mousse \u00e0 m\u00e9moire de forme pour un maintien homog\u00e8ne<\/strong><\/h6>\n<\/li>\n<li>\n<h6><strong>Coutil avec fibre de chanvre<\/strong><strong><br \/><\/strong><\/h6>\n<\/li>\n<li>\n<h6><strong>Epaisseur 25 cm<\/strong><\/h6>\n<\/li>\n<\/ul>\n<h6><\/h6>\n<\/li>\n<\/ul>\n<p>[\/et_pb_text][et_pb_text _builder_version=\u00a0\u00bb4.25.1&Prime; _module_preset=\u00a0\u00bbdefault\u00a0\u00bb global_colors_info=\u00a0\u00bb{}\u00a0\u00bb]<\/p>\n<h3 style=\"text-align: center;\"><strong>Le matelas pour retrouver la joie d&rsquo;un beau r\u00e9veil !<\/strong><\/h3>\n<p>[\/et_pb_text][et_pb_wc_add_to_cart product=\u00a0\u00bb242873&Prime; show_stock=\u00a0\u00bboff\u00a0\u00bb field_label_position=\u00a0\u00bbinline\u00a0\u00bb _builder_version=\u00a0\u00bb4.25.1&Prime; _module_preset=\u00a0\u00bbdefault\u00a0\u00bb dropdown_menus_custom_margin=\u00a0\u00bb19px||||false|false\u00a0\u00bb field_label_font_size=\u00a0\u00bb24px\u00a0\u00bb field_label_line_height=\u00a0\u00bb2em\u00a0\u00bb hover_enabled=\u00a0\u00bb0&Prime; global_colors_info=\u00a0\u00bb{}\u00a0\u00bb sticky_enabled=\u00a0\u00bb0&Prime;][\/et_pb_wc_add_to_cart][et_pb_text _builder_version=\u00a0\u00bb4.20.2&Prime; _module_preset=\u00a0\u00bbdefault\u00a0\u00bb global_colors_info=\u00a0\u00bb{}\u00a0\u00bb]<\/p>\n<table border=\"0\" style=\"width: 100%;\">\n<tbody>\n<tr>\n<td style=\"width: 50%;\">\n<h5><img loading=\"lazy\" decoding=\"async\" src=\"https:\/\/www.matelas-posa.fr\/wp-content\/uploads\/2023\/01\/Picto_sur_mesure_posa.png\" width=\"260\" height=\"258\" alt=\"\" class=\"wp-image-211 alignnone size-full\" srcset=\"https:\/\/www.matelas-posa.fr\/wp-content\/uploads\/2023\/01\/Picto_sur_mesure_posa.png 200w, https:\/\/www.matelas-posa.fr\/wp-content\/uploads\/2023\/01\/Picto_sur_mesure_posa-100x100.png 100w, https:\/\/www.matelas-posa.fr\/wp-content\/uploads\/2023\/01\/Picto_sur_mesure_posa-150x150.png 150w\" sizes=\"(max-width: 260px) 100vw, 260px\" \/><\/h5>\n<\/td>\n<td style=\"width: 50%;\">\n<h5>Vous souhaitez une dimension personnalis\u00e9e, il suffit de nous envoyer votre demande pour votre matelas sur-mesure !<\/h5>\n<\/td>\n<\/tr>\n<\/tbody>\n<\/table>\n<h5><\/h5>\n<p>[\/et_pb_text][\/et_pb_column][\/et_pb_row][\/et_pb_section][et_pb_section fb_built=\u00a0\u00bb1&Prime; _builder_version=\u00a0\u00bb4.21.0&Prime; _module_preset=\u00a0\u00bbdefault\u00a0\u00bb locked=\u00a0\u00bboff\u00a0\u00bb global_colors_info=\u00a0\u00bb{}\u00a0\u00bb][et_pb_row column_structure=\u00a0\u00bb1_3,1_3,1_3&Prime; use_custom_gutter=\u00a0\u00bbon\u00a0\u00bb gutter_width=\u00a0\u00bb1&Prime; make_equal=\u00a0\u00bbon\u00a0\u00bb _builder_version=\u00a0\u00bb4.21.0&Prime; _module_preset=\u00a0\u00bbdefault\u00a0\u00bb width=\u00a0\u00bb100%\u00a0\u00bb max_width=\u00a0\u00bb2560px\u00a0\u00bb custom_margin=\u00a0\u00bb0px||||false|false\u00a0\u00bb custom_padding=\u00a0\u00bb0px|0px|0px|0px|false|false\u00a0\u00bb global_colors_info=\u00a0\u00bb{}\u00a0\u00bb][et_pb_column type=\u00a0\u00bb1_3&Prime; _builder_version=\u00a0\u00bb4.21.0&Prime; _module_preset=\u00a0\u00bbdefault\u00a0\u00bb global_colors_info=\u00a0\u00bb{}\u00a0\u00bb][et_pb_image src=\u00a0\u00bbhttps:\/\/www.matelas-posa.fr\/wp-content\/uploads\/2024\/06\/image_eden_01.jpg\u00a0\u00bb title_text=\u00a0\u00bbimage_eden_01&Prime; _builder_version=\u00a0\u00bb4.25.1&Prime; _module_preset=\u00a0\u00bbdefault\u00a0\u00bb global_colors_info=\u00a0\u00bb{}\u00a0\u00bb][\/et_pb_image][\/et_pb_column][et_pb_column type=\u00a0\u00bb1_3&Prime; _builder_version=\u00a0\u00bb4.21.0&Prime; _module_preset=\u00a0\u00bbdefault\u00a0\u00bb global_colors_info=\u00a0\u00bb{}\u00a0\u00bb][et_pb_image src=\u00a0\u00bbhttps:\/\/www.matelas-posa.fr\/wp-content\/uploads\/2024\/06\/image_eden_03.jpg\u00a0\u00bb title_text=\u00a0\u00bbimage_eden_03&Prime; _builder_version=\u00a0\u00bb4.25.1&Prime; _module_preset=\u00a0\u00bbdefault\u00a0\u00bb global_colors_info=\u00a0\u00bb{}\u00a0\u00bb][\/et_pb_image][\/et_pb_column][et_pb_column type=\u00a0\u00bb1_3&Prime; _builder_version=\u00a0\u00bb4.21.0&Prime; _module_preset=\u00a0\u00bbdefault\u00a0\u00bb global_colors_info=\u00a0\u00bb{}\u00a0\u00bb][et_pb_image src=\u00a0\u00bbhttps:\/\/www.matelas-posa.fr\/wp-content\/uploads\/2024\/06\/image_eden_02.jpg\u00a0\u00bb title_text=\u00a0\u00bbimage_eden_02&Prime; _builder_version=\u00a0\u00bb4.25.1&Prime; _module_preset=\u00a0\u00bbdefault\u00a0\u00bb global_colors_info=\u00a0\u00bb{}\u00a0\u00bb][\/et_pb_image][\/et_pb_column][\/et_pb_row][\/et_pb_section][et_pb_section fb_built=\u00a0\u00bb1&Prime; _builder_version=\u00a0\u00bb4.25.1&Prime; _module_preset=\u00a0\u00bbdefault\u00a0\u00bb locked=\u00a0\u00bboff\u00a0\u00bb global_colors_info=\u00a0\u00bb{}\u00a0\u00bb][et_pb_row column_structure=\u00a0\u00bb1_2,1_2&Prime; disabled_on=\u00a0\u00bbon|off|off\u00a0\u00bb _builder_version=\u00a0\u00bb4.22.0&Prime; _module_preset=\u00a0\u00bbdefault\u00a0\u00bb width=\u00a0\u00bb100%\u00a0\u00bb max_width=\u00a0\u00bb2560px\u00a0\u00bb global_colors_info=\u00a0\u00bb{}\u00a0\u00bb][et_pb_column type=\u00a0\u00bb1_2&Prime; _builder_version=\u00a0\u00bb4.21.0&Prime; _module_preset=\u00a0\u00bbdefault\u00a0\u00bb global_colors_info=\u00a0\u00bb{}\u00a0\u00bb][et_pb_image src=\u00a0\u00bbhttps:\/\/www.matelas-posa.fr\/wp-content\/uploads\/2024\/06\/Matelas_EDEN_couches.png\u00a0\u00bb title_text=\u00a0\u00bbMatelas_EDEN_couches\u00a0\u00bb _builder_version=\u00a0\u00bb4.25.1&Prime; _module_preset=\u00a0\u00bbdefault\u00a0\u00bb global_colors_info=\u00a0\u00bb{}\u00a0\u00bb][\/et_pb_image][\/et_pb_column][et_pb_column type=\u00a0\u00bb1_2&Prime; _builder_version=\u00a0\u00bb4.21.0&Prime; _module_preset=\u00a0\u00bbdefault\u00a0\u00bb global_colors_info=\u00a0\u00bb{}\u00a0\u00bb][et_pb_text _builder_version=\u00a0\u00bb4.21.0&Prime; _module_preset=\u00a0\u00bbdefault\u00a0\u00bb global_colors_info=\u00a0\u00bb{}\u00a0\u00bb]<\/p>\n<h1>Composition<\/h1>\n<p>[\/et_pb_text][et_pb_text _builder_version=\u00a0\u00bb4.25.1&Prime; _module_preset=\u00a0\u00bbdefault\u00a0\u00bb custom_padding=\u00a0\u00bb||0px|||\u00a0\u00bb global_colors_info=\u00a0\u00bb{}\u00a0\u00bb]<\/p>\n<h3><b>Coutil avec fibres de chanvre<\/b><\/h3>\n<p><span style=\"font-weight: 400;\">La fabrication du coutil lui permet une grande respirabilit\u00e9, profitant aussi des fibres creuses du chanvre. Son rembourrage en fibre hypoallerg\u00e9nique donne douceur et confort \u00e0 l&rsquo;accueil.<\/span><\/p>\n<p><span style=\"font-weight: 400;\">Le chanvre consomme 10 fois moins d&rsquo;eau que le coton et se cultive sans insecticide, fongicide et herbicide tout en absorbant autant de CO\u00b2 qu&rsquo;une for\u00eat de m\u00eame taille.<\/span><span style=\"font-weight: 400;\"><br \/><\/span><span style=\"font-weight: 400;\">Il apporte ses bienfaits naturels : antibact\u00e9rien, antistatique et thermor\u00e9gulateur.<\/span><\/p>\n<p><span style=\"font-weight: 400;\">Donc pas besoin de traitement chimique comme la plupart des literies conventionnelles.<\/span><\/p>\n<p>[\/et_pb_text][et_pb_text _builder_version=\u00a0\u00bb4.25.1&Prime; _module_preset=\u00a0\u00bbdefault\u00a0\u00bb global_colors_info=\u00a0\u00bb{}\u00a0\u00bb]<\/p>\n<h3><b>Accueil M\u00e9moire de forme HR<\/b><\/h3>\n<p><span style=\"font-weight: 400;\">La mousse m\u00e9moire de forme qui compose l&rsquo;accueil est en haute r\u00e9silience\u00a0 Qui permet \u00e0 toutes les morphologies de profiter d&rsquo;un accueil et d&rsquo;un confort de grande qualit\u00e9.<\/span><span style=\"font-weight: 400;\"><br \/><\/span><span style=\"font-weight: 400;\">De plus la haute r\u00e9silience accro\u00eet consid\u00e9rablement la durabilit\u00e9<\/span><span style=\"font-weight: 400;\"><br \/><\/span><span style=\"font-weight: 400;\">Elle a \u00e9t\u00e9 produite avec les derni\u00e8res technologies : un gonflage simplement avec de l&rsquo;eau gr\u00e2ce \u00e0 la technologie VPF et une \u00e9lasticit\u00e9 obtenue avec des huiles v\u00e9g\u00e9tales.<\/span><span style=\"font-weight: 400;\"><br \/><\/span><span style=\"font-weight: 400;\">Elle obtient ainsi les meilleurs r\u00e9sultats de test en \u00e9tant respectueuse de la plan\u00e8te.<\/span><\/p>\n<p><span style=\"font-weight: 400;\">Par comparaison, un matelas conventionnel est souvent en 35kg\/m\u00b3 et utilise des produits chimiques pour obtenir des performances plus faibles. <\/span><\/p>\n<p>[\/et_pb_text][et_pb_text _builder_version=\u00a0\u00bb4.25.1&Prime; _module_preset=\u00a0\u00bbdefault\u00a0\u00bb global_colors_info=\u00a0\u00bb{}\u00a0\u00bb]<\/p>\n<h3><b>Noyau Mousse HD<\/b><\/h3>\n<p><span style=\"font-weight: 400;\">Le noyau est en mousse haute densit\u00e9 . Ce qui lui conf\u00e8re un soutien d&rsquo;une grande durabilit\u00e9.<\/span><span style=\"font-weight: 400;\"><br \/><\/span><span style=\"font-weight: 400;\">Son maintien ferme, permet \u00e0 l&rsquo;accceuil en m\u00e9moire de forme de jouer pleinement son r\u00f4le.<\/span><\/p>\n<p>&nbsp;<\/p>\n<p>[\/et_pb_text][et_pb_text _builder_version=\u00a0\u00bb4.21.0&Prime; _module_preset=\u00a0\u00bbdefault\u00a0\u00bb locked=\u00a0\u00bboff\u00a0\u00bb global_colors_info=\u00a0\u00bb{}\u00a0\u00bb]<\/p>\n<p><img loading=\"lazy\" decoding=\"async\" src=\"https:\/\/www.matelas-posa.fr\/wp-content\/uploads\/2023\/02\/Oekotex_100_Standard-300x167-1-300x167.png\" width=\"149\" height=\"83\" alt=\"\" class=\"wp-image-339 alignnone size-medium\" \/> \u00a0\u00a0<\/p>\n<p>[\/et_pb_text][\/et_pb_column][\/et_pb_row][\/et_pb_section]<\/p>\n","protected":false},"excerpt":{"rendered":"<p>Le matelas tr\u00e8s haut de gamme \u00e9co responsable pour les professionnels disponible pour les particuliers.<\/p>\n","protected":false},"featured_media":242894,"comment_status":"closed","ping_status":"closed","template":"","meta":{"_et_pb_use_builder":"on","_et_pb_old_content":"<h2>Confort optimal<\/h2>\r\nLes matelas Posa<sup>\u00ae\u00a0<\/sup>ont \u00e9t\u00e9 con\u00e7u pour avoir une qualit\u00e9 de sommeil et de r\u00e9veil exceptionnelle gr\u00e2ce \u00e0 son noyau en haute r\u00e9silience et sa mousse en m\u00e9moire de forme.\r\n\r\nLe noyau en mousse haute r\u00e9silience permet d'avoir un soutien parfait et une longue durabilit\u00e9.\r\n\r\nLa m\u00e9moire de forme quand \u00e0 elle permet d\u2019\u00e9pouser les formes du corps en fonction de la temp\u00e9rature corporelle en diminuant temporairement l\u2019\u00e9lasticit\u00e9 de rebondissement et donc la pression de contact qui apporte un grand confort \u00e0 tout type de personne. La sensation est similaire \u00e0 un lit \u00e0 eau.\r\n\r\n&nbsp;\r\n<h2>Eco-responsable<\/h2>\r\nLes mousses utilis\u00e9es par les matelas Posa<sup>\u00ae\u00a0<\/sup>sont des mousses Biogreen, que ce soit le noyau ou la mousse m\u00e9moire de forme.\r\n\r\nBiogreen est une mousse r\u00e9volutionnaire apportant de nouvelles id\u00e9es au monde du sommeil, obtenue \u00e0 partir de mat\u00e9riaux renouvelable, mati\u00e8res premi\u00e8res durables, naturelles et non contaminantes avec l'utilisation d'huiles de soja \u00e0 la place des produits chimiques pour la fabrication de la mousse.\r\n\r\nLe coutil est avec des fibres de chanvre, plante qui n\u00e9cessite tr\u00e8s peu d'eau pour sa culture et apporte ses bienfaits naturels : douceur, thermor\u00e9gulateur, anti bact\u00e9rien et tr\u00e8s r\u00e9sistant.\r\n\r\n&nbsp;\r\n<h2>Longue dur\u00e9e de vie<\/h2>\r\nPour \u00eatre en ad\u00e9quation avec le monde professionnel, le noyau du matelas est en haute r\u00e9silience et ventil\u00e9e.\r\n\r\nLe terme \"haute r\u00e9silience\" fait r\u00e9f\u00e9rence \u00e0 la capacit\u00e9 de la mousse \u00e0 retenir sa forme malgr\u00e9 des pressions r\u00e9p\u00e9t\u00e9es. Cette mousse en haute r\u00e9silience permet confort et durabilit\u00e9.\r\n\r\nEn cas d\u2019accident, le matelas est d\u00e9houssable pour retrouver son aspect irr\u00e9prochable.","_et_gb_content_width":""},"product_brand":[],"product_cat":[19],"product_tag":[20],"class_list":{"0":"post-242873","1":"product","2":"type-product","3":"status-publish","4":"has-post-thumbnail","6":"product_cat-matelas","7":"product_tag-matelas","8":"product_shipping_class-matelas_envoi","10":"first","11":"instock","12":"shipping-taxable","13":"purchasable","14":"product-type-variable","15":"has-default-attributes"},"_links":{"self":[{"href":"https:\/\/www.matelas-posa.fr\/index.php?rest_route=\/wp\/v2\/product\/242873","targetHints":{"allow":["GET"]}}],"collection":[{"href":"https:\/\/www.matelas-posa.fr\/index.php?rest_route=\/wp\/v2\/product"}],"about":[{"href":"https:\/\/www.matelas-posa.fr\/index.php?rest_route=\/wp\/v2\/types\/product"}],"replies":[{"embeddable":true,"href":"https:\/\/www.matelas-posa.fr\/index.php?rest_route=%2Fwp%2Fv2%2Fcomments&post=242873"}],"wp:featuredmedia":[{"embeddable":true,"href":"https:\/\/www.matelas-posa.fr\/index.php?rest_route=\/wp\/v2\/media\/242894"}],"wp:attachment":[{"href":"https:\/\/www.matelas-posa.fr\/index.php?rest_route=%2Fwp%2Fv2%2Fmedia&parent=242873"}],"wp:term":[{"taxonomy":"product_brand","embeddable":true,"href":"https:\/\/www.matelas-posa.fr\/index.php?rest_route=%2Fwp%2Fv2%2Fproduct_brand&post=242873"},{"taxonomy":"product_cat","embeddable":true,"href":"https:\/\/www.matelas-posa.fr\/index.php?rest_route=%2Fwp%2Fv2%2Fproduct_cat&post=242873"},{"taxonomy":"product_tag","embeddable":true,"href":"https:\/\/www.matelas-posa.fr\/index.php?rest_route=%2Fwp%2Fv2%2Fproduct_tag&post=242873"}],"curies":[{"name":"wp","href":"https:\/\/api.w.org\/{rel}","templated":true}]}}