{"id":433,"date":"2023-02-28T14:29:27","date_gmt":"2023-02-28T14:29:27","guid":{"rendered":"https:\/\/www.matelas-posa.fr\/?page_id=433"},"modified":"2023-07-27T15:01:59","modified_gmt":"2023-07-27T15:01:59","slug":"nos-engagements","status":"publish","type":"page","link":"https:\/\/www.matelas-posa.fr\/?page_id=433","title":{"rendered":"Nos engagements"},"content":{"rendered":"<p>[et_pb_section fb_built=\u00a0\u00bb1&Prime; _builder_version=\u00a0\u00bb4.20.0&Prime; _module_preset=\u00a0\u00bbdefault\u00a0\u00bb background_image=\u00a0\u00bbhttps:\/\/www.matelas-posa.fr\/wp-content\/uploads\/2022\/11\/header_fond.jpg\u00a0\u00bb parallax=\u00a0\u00bbon\u00a0\u00bb global_colors_info=\u00a0\u00bb{}\u00a0\u00bb][et_pb_row _builder_version=\u00a0\u00bb4.20.0&Prime; _module_preset=\u00a0\u00bbdefault\u00a0\u00bb global_colors_info=\u00a0\u00bb{}\u00a0\u00bb][et_pb_column type=\u00a0\u00bb4_4&Prime; _builder_version=\u00a0\u00bb4.20.0&Prime; _module_preset=\u00a0\u00bbdefault\u00a0\u00bb global_colors_info=\u00a0\u00bb{}\u00a0\u00bb][et_pb_text disabled_on=\u00a0\u00bbon|off|off\u00a0\u00bb _builder_version=\u00a0\u00bb4.20.2&Prime; _module_preset=\u00a0\u00bbdefault\u00a0\u00bb header_font=\u00a0\u00bbAguafina Script||||||||\u00a0\u00bb header_font_size=\u00a0\u00bb79px\u00a0\u00bb global_colors_info=\u00a0\u00bb{}\u00a0\u00bb]<\/p>\n<h1>Nos engagements<\/h1>\n<p>[\/et_pb_text][et_pb_text disabled_on=\u00a0\u00bboff|on|on\u00a0\u00bb _builder_version=\u00a0\u00bb4.20.2&Prime; _module_preset=\u00a0\u00bbdefault\u00a0\u00bb header_font=\u00a0\u00bbAguafina Script||||||||\u00a0\u00bb header_font_size=\u00a0\u00bb40px\u00a0\u00bb global_colors_info=\u00a0\u00bb{}\u00a0\u00bb]<\/p>\n<h1>Nos engagements<\/h1>\n<p>[\/et_pb_text][\/et_pb_column][\/et_pb_row][\/et_pb_section][et_pb_section fb_built=\u00a0\u00bb1&Prime; _builder_version=\u00a0\u00bb4.20.0&Prime; _module_preset=\u00a0\u00bbdefault\u00a0\u00bb global_colors_info=\u00a0\u00bb{}\u00a0\u00bb][et_pb_row column_structure=\u00a0\u00bb1_2,1_2&Prime; disabled_on=\u00a0\u00bbon|off|off\u00a0\u00bb module_id=\u00a0\u00bb100&Prime; _builder_version=\u00a0\u00bb4.20.2&Prime; _module_preset=\u00a0\u00bbdefault\u00a0\u00bb global_colors_info=\u00a0\u00bb{}\u00a0\u00bb][et_pb_column type=\u00a0\u00bb1_2&Prime; _builder_version=\u00a0\u00bb4.20.0&Prime; _module_preset=\u00a0\u00bbdefault\u00a0\u00bb global_colors_info=\u00a0\u00bb{}\u00a0\u00bb][et_pb_text _builder_version=\u00a0\u00bb4.21.0&Prime; _module_preset=\u00a0\u00bbdefault\u00a0\u00bb hover_enabled=\u00a0\u00bb0&Prime; global_colors_info=\u00a0\u00bb{}\u00a0\u00bb sticky_enabled=\u00a0\u00bb0&Prime;]<\/p>\n<h2>La qualit\u00e9 des mat\u00e9riaux<\/h2>\n<p>[\/et_pb_text][et_pb_text _builder_version=\u00a0\u00bb4.21.0&Prime; _module_preset=\u00a0\u00bbdefault\u00a0\u00bb hover_enabled=\u00a0\u00bb0&Prime; global_colors_info=\u00a0\u00bb{}\u00a0\u00bb sticky_enabled=\u00a0\u00bb0&Prime;]<\/p>\n<p>Pour toute notre gamme, nous ne nous sommes pas content\u00e9 de mettre juste le n\u00e9cessaire pour votre sommeil mais le meilleur pour vous faire d\u00e9couvrir la joie d&rsquo;un vrai repos.<\/p>\n<p>Nos noyaux Haute r\u00e9silience ont une densit\u00e9 de 45 kg\/m\u00b3, quand beaucoup d&rsquo;autre ne mettent que 35 ou 40 kg\/m\u00b3. Ce qui en fait un noyau plus resistant, plus durable et qui offre un maintien bien sup\u00e9rieur. Aujourd&rsquo;hui, la haute r\u00e9silience, c&rsquo;est summum de la mousse et nous vous en offrons le meilleur.<\/p>\n<p>Pour nos mousses m\u00e9moire de forme, elles ont une densit\u00e9 de 50 kg\/m\u00b3 et en haute r\u00e9silience biens\u00fbr. Comme c&rsquo;est la mousse qui va \u00eatre le plus en action durant toutes vos nuits, c&rsquo;est elle qui \u00e0 la densit\u00e9 la plus forte pour continuer \u00e0 vous donner toutes ses qualit\u00e9s premi\u00e8res.<\/p>\n<p>[\/et_pb_text][\/et_pb_column][et_pb_column type=\u00a0\u00bb1_2&Prime; _builder_version=\u00a0\u00bb4.20.0&Prime; _module_preset=\u00a0\u00bbdefault\u00a0\u00bb global_colors_info=\u00a0\u00bb{}\u00a0\u00bb][et_pb_image src=\u00a0\u00bbhttps:\/\/www.matelas-posa.fr\/wp-content\/uploads\/2023\/07\/mousse_qualite_posa.png\u00a0\u00bb title_text=\u00a0\u00bbmousse_qualite_posa\u00a0\u00bb _builder_version=\u00a0\u00bb4.21.0&Prime; _module_preset=\u00a0\u00bbdefault\u00a0\u00bb animation_style=\u00a0\u00bbslide\u00a0\u00bb animation_direction=\u00a0\u00bbright\u00a0\u00bb hover_enabled=\u00a0\u00bb0&Prime; global_colors_info=\u00a0\u00bb{}\u00a0\u00bb sticky_enabled=\u00a0\u00bb0&Prime;][\/et_pb_image][\/et_pb_column][\/et_pb_row][et_pb_row column_structure=\u00a0\u00bb1_2,1_2&Prime; module_id=\u00a0\u00bbreponsable\u00a0\u00bb _builder_version=\u00a0\u00bb4.20.2&Prime; _module_preset=\u00a0\u00bbdefault\u00a0\u00bb global_colors_info=\u00a0\u00bb{}\u00a0\u00bb][et_pb_column type=\u00a0\u00bb1_2&Prime; _builder_version=\u00a0\u00bb4.20.0&Prime; _module_preset=\u00a0\u00bbdefault\u00a0\u00bb global_colors_info=\u00a0\u00bb{}\u00a0\u00bb][et_pb_image src=\u00a0\u00bbhttps:\/\/www.matelas-posa.fr\/wp-content\/uploads\/2023\/02\/fond_matelas_posa.jpg\u00a0\u00bb title_text=\u00a0\u00bbfond_matelas_posa\u00a0\u00bb _builder_version=\u00a0\u00bb4.20.0&Prime; _module_preset=\u00a0\u00bbdefault\u00a0\u00bb animation_style=\u00a0\u00bbslide\u00a0\u00bb animation_direction=\u00a0\u00bbleft\u00a0\u00bb global_colors_info=\u00a0\u00bb{}\u00a0\u00bb][\/et_pb_image][\/et_pb_column][et_pb_column type=\u00a0\u00bb1_2&Prime; _builder_version=\u00a0\u00bb4.20.0&Prime; _module_preset=\u00a0\u00bbdefault\u00a0\u00bb global_colors_info=\u00a0\u00bb{}\u00a0\u00bb][et_pb_text _builder_version=\u00a0\u00bb4.20.0&Prime; _module_preset=\u00a0\u00bbdefault\u00a0\u00bb global_colors_info=\u00a0\u00bb{}\u00a0\u00bb]<\/p>\n<h2>Des choix \u00e9coresponsables<\/h2>\n<p>[\/et_pb_text][et_pb_text _builder_version=\u00a0\u00bb4.21.0&Prime; _module_preset=\u00a0\u00bbdefault\u00a0\u00bb hover_enabled=\u00a0\u00bb0&Prime; global_colors_info=\u00a0\u00bb{}\u00a0\u00bb sticky_enabled=\u00a0\u00bb0&Prime;]<\/p>\n<p>Notre objectifs aujourd&rsquo;hui est de faire des choix les plus \u00e9coresponsables possibles et de continuer \u00e0 mettre en place cette volont\u00e9 dans chacun de nos produits et de nos actions.<\/p>\n<p>On utilise pour cela les derni\u00e8res technologies dans la cr\u00e9ation de nos mousses 100% recyclable.<\/p>\n<p>La technologie VPF (moussage \u00e0 pression variable) qui permet d&rsquo;obtenir le gonflant de la mousse simplement avec de l&rsquo;eau, plus d&rsquo;agent gonflant, de CFC ou HCFC.\u00a0<\/p>\n<p>L&rsquo;utilisation d&rsquo;huile v\u00e9g\u00e9tale issus de ressources renouvelables pour l&rsquo;elasticit\u00e9.<\/p>\n<p>Le tout en gardant la haute qualit\u00e9 et les propri\u00e9t\u00e9s physico-m\u00e9caniques du produit.<\/p>\n<p>Pour notre coutil, c&rsquo;est le chanvre que nous avons choisi car sa fibre creuse permet une grande respirabilit\u00e9 du tissu mais pas que.<\/p>\n<p>Le chanvre consomme 10 fois moins d&rsquo;eau que le coton et se cultive sans insecticide, fongicide et herbicide tout en absordant autant de CO\u00b2 qu&rsquo;une f\u00f4ret de m\u00eame taille.<br \/>Il apporte ses bienfaits naturelles : antibact\u00e9rien, antistatique et thermor\u00e9gulateur.<\/p>\n<p>Notre id\u00e9e est simple : Vous faire dormir sur un matelas sain pour vous et la plan\u00e8te.<\/p>\n<p>&nbsp;<\/p>\n<p>[\/et_pb_text][\/et_pb_column][\/et_pb_row][et_pb_row column_structure=\u00a0\u00bb1_2,1_2&Prime; disabled_on=\u00a0\u00bbon|off|off\u00a0\u00bb module_id=\u00a0\u00bb100&Prime; _builder_version=\u00a0\u00bb4.20.2&Prime; _module_preset=\u00a0\u00bbdefault\u00a0\u00bb global_colors_info=\u00a0\u00bb{}\u00a0\u00bb][et_pb_column type=\u00a0\u00bb1_2&Prime; _builder_version=\u00a0\u00bb4.20.0&Prime; _module_preset=\u00a0\u00bbdefault\u00a0\u00bb global_colors_info=\u00a0\u00bb{}\u00a0\u00bb][et_pb_text _builder_version=\u00a0\u00bb4.20.0&Prime; _module_preset=\u00a0\u00bbdefault\u00a0\u00bb global_colors_info=\u00a0\u00bb{}\u00a0\u00bb]<\/p>\n<h2>Les 100 nuits d&rsquo;essai<\/h2>\n<p>[\/et_pb_text][et_pb_text _builder_version=\u00a0\u00bb4.20.0&Prime; _module_preset=\u00a0\u00bbdefault\u00a0\u00bb global_colors_info=\u00a0\u00bb{}\u00a0\u00bb]<\/p>\n<p>Comme nous voulons que vous soyez s\u00fbr de votre achat, nous vous offrons 100 nuits pour essayer confortablement chez vous votre nouveau matelas et 30 jours pour les accessoires.<\/p>\n<p>La p\u00e9riode des 100 nuits commence d\u00e8s la r\u00e9ception de votre matelas.<\/p>\n<p>Nous vous conseillons de tester au moins 3 \u00e0 4 semaines votre matelas pour ressentir pleinement le bien fait suppl\u00e9mentaire d&rsquo;une literie tr\u00e8s haut de gamme.<\/p>\n<p>&nbsp;<\/p>\n<p>[\/et_pb_text][\/et_pb_column][et_pb_column type=\u00a0\u00bb1_2&Prime; _builder_version=\u00a0\u00bb4.20.0&Prime; _module_preset=\u00a0\u00bbdefault\u00a0\u00bb global_colors_info=\u00a0\u00bb{}\u00a0\u00bb][et_pb_image src=\u00a0\u00bbhttps:\/\/www.matelas-posa.fr\/wp-content\/uploads\/2023\/02\/Fond_couple_POSA.jpg\u00a0\u00bb title_text=\u00a0\u00bbFond_couple_POSA\u00a0\u00bb _builder_version=\u00a0\u00bb4.20.0&Prime; _module_preset=\u00a0\u00bbdefault\u00a0\u00bb animation_style=\u00a0\u00bbslide\u00a0\u00bb animation_direction=\u00a0\u00bbright\u00a0\u00bb global_colors_info=\u00a0\u00bb{}\u00a0\u00bb][\/et_pb_image][\/et_pb_column][\/et_pb_row][et_pb_row column_structure=\u00a0\u00bb1_2,1_2&Prime; disabled_on=\u00a0\u00bboff|on|on\u00a0\u00bb module_id=\u00a0\u00bb100&Prime; _builder_version=\u00a0\u00bb4.20.2&Prime; _module_preset=\u00a0\u00bbdefault\u00a0\u00bb global_colors_info=\u00a0\u00bb{}\u00a0\u00bb][et_pb_column type=\u00a0\u00bb1_2&Prime; _builder_version=\u00a0\u00bb4.20.0&Prime; _module_preset=\u00a0\u00bbdefault\u00a0\u00bb global_colors_info=\u00a0\u00bb{}\u00a0\u00bb][et_pb_image src=\u00a0\u00bbhttps:\/\/www.matelas-posa.fr\/wp-content\/uploads\/2023\/02\/Fond_couple_POSA.jpg\u00a0\u00bb title_text=\u00a0\u00bbFond_couple_POSA\u00a0\u00bb _builder_version=\u00a0\u00bb4.20.0&Prime; _module_preset=\u00a0\u00bbdefault\u00a0\u00bb animation_style=\u00a0\u00bbslide\u00a0\u00bb animation_direction=\u00a0\u00bbright\u00a0\u00bb global_colors_info=\u00a0\u00bb{}\u00a0\u00bb][\/et_pb_image][\/et_pb_column][et_pb_column type=\u00a0\u00bb1_2&Prime; _builder_version=\u00a0\u00bb4.20.0&Prime; _module_preset=\u00a0\u00bbdefault\u00a0\u00bb global_colors_info=\u00a0\u00bb{}\u00a0\u00bb][et_pb_text _builder_version=\u00a0\u00bb4.20.0&Prime; _module_preset=\u00a0\u00bbdefault\u00a0\u00bb global_colors_info=\u00a0\u00bb{}\u00a0\u00bb]<\/p>\n<h2>Les 100 nuits d&rsquo;essai<\/h2>\n<p>[\/et_pb_text][et_pb_text _builder_version=\u00a0\u00bb4.20.0&Prime; _module_preset=\u00a0\u00bbdefault\u00a0\u00bb global_colors_info=\u00a0\u00bb{}\u00a0\u00bb]<\/p>\n<p>Comme nous voulons que vous soyez s\u00fbr de votre achat, nous vous offrons 100 nuits pour essayer confortablement chez vous votre nouveau matelas et 30 jours pour les accessoires.<\/p>\n<p>La p\u00e9riode des 100 nuits commence d\u00e8s la r\u00e9ception de votre matelas.<\/p>\n<p>Nous vous conseillons de tester au moins 3 \u00e0 4 semaines votre matelas pour ressentir pleinement le bien fait suppl\u00e9mentaire d&rsquo;une literie tr\u00e8s haut de gamme.<\/p>\n<p>&nbsp;<\/p>\n<p>[\/et_pb_text][\/et_pb_column][\/et_pb_row][et_pb_row column_structure=\u00a0\u00bb1_2,1_2&Prime; module_id=\u00a0\u00bblivraisons\u00a0\u00bb _builder_version=\u00a0\u00bb4.20.2&Prime; _module_preset=\u00a0\u00bbdefault\u00a0\u00bb global_colors_info=\u00a0\u00bb{}\u00a0\u00bb][et_pb_column type=\u00a0\u00bb1_2&Prime; _builder_version=\u00a0\u00bb4.20.0&Prime; _module_preset=\u00a0\u00bbdefault\u00a0\u00bb global_colors_info=\u00a0\u00bb{}\u00a0\u00bb][et_pb_image src=\u00a0\u00bbhttps:\/\/www.matelas-posa.fr\/wp-content\/uploads\/2023\/02\/reprise-de-votre-literie.jpg\u00a0\u00bb title_text=\u00a0\u00bbreprise-de-votre-literie\u00a0\u00bb _builder_version=\u00a0\u00bb4.20.0&Prime; _module_preset=\u00a0\u00bbdefault\u00a0\u00bb animation_style=\u00a0\u00bbslide\u00a0\u00bb animation_direction=\u00a0\u00bbleft\u00a0\u00bb global_colors_info=\u00a0\u00bb{}\u00a0\u00bb][\/et_pb_image][\/et_pb_column][et_pb_column type=\u00a0\u00bb1_2&Prime; _builder_version=\u00a0\u00bb4.20.0&Prime; _module_preset=\u00a0\u00bbdefault\u00a0\u00bb global_colors_info=\u00a0\u00bb{}\u00a0\u00bb][et_pb_text _builder_version=\u00a0\u00bb4.21.0&Prime; _module_preset=\u00a0\u00bbdefault\u00a0\u00bb hover_enabled=\u00a0\u00bb0&Prime; global_colors_info=\u00a0\u00bb{}\u00a0\u00bb sticky_enabled=\u00a0\u00bb0&Prime;]<\/p>\n<h2>Livraison, installation et reprise<\/h2>\n<p>[\/et_pb_text][et_pb_text _builder_version=\u00a0\u00bb4.20.2&Prime; _module_preset=\u00a0\u00bbdefault\u00a0\u00bb global_colors_info=\u00a0\u00bb{}\u00a0\u00bb]<\/p>\n<p>Pour profiter pleinement de votre nouveau matelas, Posa vous offre la livraison de votre matelas.<\/p>\n<p>Pour les oreillers, ils sont tous envoy\u00e9s en relais de votre choix.<\/p>\n<p>En plus de la livraison de votre literie, nous vous proposons un service de reprise de votre ancienne literie.<\/p>\n<p>L&rsquo;\u00e9change doit se faire pour un produit \u00e9quivalent au produit achet\u00e9. Nos \u00e9quipes feront ainsi le n\u00e9cessaire pour le recyclage de votre ancien matelas.<\/p>\n<p>Vous n&rsquo;avez rien \u00e0 faire, on s&rsquo;occupe de tout !<\/p>\n<p>&nbsp;<\/p>\n<p>&nbsp;<\/p>\n<p>[\/et_pb_text][\/et_pb_column][\/et_pb_row][et_pb_row column_structure=\u00a0\u00bb1_2,1_2&Prime; disabled_on=\u00a0\u00bbon|off|off\u00a0\u00bb module_id=\u00a0\u00bblivraison\u00a0\u00bb _builder_version=\u00a0\u00bb4.20.2&Prime; _module_preset=\u00a0\u00bbdefault\u00a0\u00bb global_colors_info=\u00a0\u00bb{}\u00a0\u00bb][et_pb_column type=\u00a0\u00bb1_2&Prime; _builder_version=\u00a0\u00bb4.20.0&Prime; _module_preset=\u00a0\u00bbdefault\u00a0\u00bb global_colors_info=\u00a0\u00bb{}\u00a0\u00bb][et_pb_text _builder_version=\u00a0\u00bb4.20.0&Prime; _module_preset=\u00a0\u00bbdefault\u00a0\u00bb global_colors_info=\u00a0\u00bb{}\u00a0\u00bb]<\/p>\n<h2>Que de la mousse, pas de ressorts<\/h2>\n<p>[\/et_pb_text][et_pb_text _builder_version=\u00a0\u00bb4.20.0&Prime; _module_preset=\u00a0\u00bbdefault\u00a0\u00bb global_colors_info=\u00a0\u00bb{}\u00a0\u00bb]<\/p>\n<p>L&rsquo;utilisation des ressorts dans les matelas est souvent un gain \u00e9conomique pour pr\u00e9senter un matelas \u00e9pais. De plus, les explications sur les ind\u00e9pendances de couchage est aussi obtenue avec ses nouvelles mousses.<\/p>\n<p>Mais ce n&rsquo;est pas ce point qui nous \u00e0 pousser \u00e0 ne pas en utiliser.<\/p>\n<p><span>Des \u00e9tudes ont montr\u00e9 que les matelas \u00e0 ressorts peuvent influencer et perturber le champ \u00e9lectromagn\u00e9tique qui r\u00e8gne au-dessus de votre lit. <\/span><span>Ce qui a pouss\u00e9 l&rsquo;Anses \u00e0 demander des \u00e9tudes\u00a0 suppl\u00e9mentaires car les sympt\u00f4mes les plus fr\u00e9quents pour les personnes atteintes de EHS (Hypersensibilit\u00e9 \u00e9lectromagn\u00e9tique) sont les troubles du sommeil.\u00a0<\/span><\/p>\n<p>&nbsp;<\/p>\n<p>[\/et_pb_text][\/et_pb_column][et_pb_column type=\u00a0\u00bb1_2&Prime; _builder_version=\u00a0\u00bb4.20.0&Prime; _module_preset=\u00a0\u00bbdefault\u00a0\u00bb global_colors_info=\u00a0\u00bb{}\u00a0\u00bb][et_pb_image src=\u00a0\u00bbhttps:\/\/www.matelas-posa.fr\/wp-content\/uploads\/2023\/03\/champs_electomagnetique.jpg\u00a0\u00bb title_text=\u00a0\u00bbchamps_electomagnetique\u00a0\u00bb _builder_version=\u00a0\u00bb4.20.0&Prime; _module_preset=\u00a0\u00bbdefault\u00a0\u00bb animation_style=\u00a0\u00bbslide\u00a0\u00bb animation_direction=\u00a0\u00bbleft\u00a0\u00bb global_colors_info=\u00a0\u00bb{}\u00a0\u00bb][\/et_pb_image][\/et_pb_column][\/et_pb_row][et_pb_row column_structure=\u00a0\u00bb1_2,1_2&Prime; disabled_on=\u00a0\u00bboff|on|on\u00a0\u00bb module_id=\u00a0\u00bblivraison\u00a0\u00bb _builder_version=\u00a0\u00bb4.20.2&Prime; _module_preset=\u00a0\u00bbdefault\u00a0\u00bb global_colors_info=\u00a0\u00bb{}\u00a0\u00bb][et_pb_column type=\u00a0\u00bb1_2&Prime; _builder_version=\u00a0\u00bb4.20.0&Prime; _module_preset=\u00a0\u00bbdefault\u00a0\u00bb global_colors_info=\u00a0\u00bb{}\u00a0\u00bb][et_pb_image src=\u00a0\u00bbhttps:\/\/www.matelas-posa.fr\/wp-content\/uploads\/2023\/03\/champs_electomagnetique.jpg\u00a0\u00bb title_text=\u00a0\u00bbchamps_electomagnetique\u00a0\u00bb _builder_version=\u00a0\u00bb4.20.0&Prime; _module_preset=\u00a0\u00bbdefault\u00a0\u00bb animation_style=\u00a0\u00bbslide\u00a0\u00bb animation_direction=\u00a0\u00bbleft\u00a0\u00bb global_colors_info=\u00a0\u00bb{}\u00a0\u00bb][\/et_pb_image][\/et_pb_column][et_pb_column type=\u00a0\u00bb1_2&Prime; _builder_version=\u00a0\u00bb4.20.0&Prime; _module_preset=\u00a0\u00bbdefault\u00a0\u00bb global_colors_info=\u00a0\u00bb{}\u00a0\u00bb][et_pb_text _builder_version=\u00a0\u00bb4.20.0&Prime; _module_preset=\u00a0\u00bbdefault\u00a0\u00bb global_colors_info=\u00a0\u00bb{}\u00a0\u00bb]<\/p>\n<h2>Que de la mousse, pas de ressorts<\/h2>\n<p>[\/et_pb_text][et_pb_text _builder_version=\u00a0\u00bb4.20.0&Prime; _module_preset=\u00a0\u00bbdefault\u00a0\u00bb global_colors_info=\u00a0\u00bb{}\u00a0\u00bb]<\/p>\n<p>L&rsquo;utilisation des ressorts dans les matelas est souvent un gain \u00e9conomique pour pr\u00e9senter un matelas \u00e9pais. De plus, les explications sur les ind\u00e9pendances de couchage est aussi obtenue avec ses nouvelles mousses.<\/p>\n<p>Mais ce n&rsquo;est pas ce point qui nous \u00e0 pousser \u00e0 ne pas en utiliser.<\/p>\n<p><span>Des \u00e9tudes ont montr\u00e9 que les matelas \u00e0 ressorts peuvent influencer et perturber le champ \u00e9lectromagn\u00e9tique qui r\u00e8gne au-dessus de votre lit. <\/span><span>Ce qui a pouss\u00e9 l&rsquo;Anses \u00e0 demander des \u00e9tudes\u00a0 suppl\u00e9mentaires car les sympt\u00f4mes les plus fr\u00e9quents pour les personnes atteintes de EHS (Hypersensibilit\u00e9 \u00e9lectromagn\u00e9tique) sont les troubles du sommeil.\u00a0<\/span><\/p>\n<p>&nbsp;<\/p>\n<p>[\/et_pb_text][\/et_pb_column][\/et_pb_row][\/et_pb_section]<\/p>\n","protected":false},"excerpt":{"rendered":"<p>Nos engagementsNos engagementsLa qualit\u00e9 des mat\u00e9riauxPour toute notre gamme, nous ne nous sommes pas content\u00e9 de mettre juste le n\u00e9cessaire pour votre sommeil mais le meilleur pour vous faire d\u00e9couvrir la joie d&rsquo;un vrai repos. Nos noyaux Haute r\u00e9silience ont une densit\u00e9 de 45 kg\/m\u00b3, quand beaucoup d&rsquo;autre ne mettent que 35 ou 40 kg\/m\u00b3. [&hellip;]<\/p>\n","protected":false},"author":1,"featured_media":0,"parent":0,"menu_order":0,"comment_status":"closed","ping_status":"closed","template":"","meta":{"_et_pb_use_builder":"on","_et_pb_old_content":"","_et_gb_content_width":"","footnotes":""},"class_list":["post-433","page","type-page","status-publish","hentry"],"_links":{"self":[{"href":"https:\/\/www.matelas-posa.fr\/index.php?rest_route=\/wp\/v2\/pages\/433","targetHints":{"allow":["GET"]}}],"collection":[{"href":"https:\/\/www.matelas-posa.fr\/index.php?rest_route=\/wp\/v2\/pages"}],"about":[{"href":"https:\/\/www.matelas-posa.fr\/index.php?rest_route=\/wp\/v2\/types\/page"}],"author":[{"embeddable":true,"href":"https:\/\/www.matelas-posa.fr\/index.php?rest_route=\/wp\/v2\/users\/1"}],"replies":[{"embeddable":true,"href":"https:\/\/www.matelas-posa.fr\/index.php?rest_route=%2Fwp%2Fv2%2Fcomments&post=433"}],"version-history":[{"count":24,"href":"https:\/\/www.matelas-posa.fr\/index.php?rest_route=\/wp\/v2\/pages\/433\/revisions"}],"predecessor-version":[{"id":241434,"href":"https:\/\/www.matelas-posa.fr\/index.php?rest_route=\/wp\/v2\/pages\/433\/revisions\/241434"}],"wp:attachment":[{"href":"https:\/\/www.matelas-posa.fr\/index.php?rest_route=%2Fwp%2Fv2%2Fmedia&parent=433"}],"curies":[{"name":"wp","href":"https:\/\/api.w.org\/{rel}","templated":true}]}}